{"id":1902,"date":"2023-10-12T21:06:39","date_gmt":"2023-10-12T19:06:39","guid":{"rendered":"https:\/\/theoremofjoy.com\/le-groupe\/"},"modified":"2025-09-22T21:25:05","modified_gmt":"2025-09-22T19:25:05","slug":"le-groupe","status":"publish","type":"page","link":"https:\/\/theoremofjoy.com\/fr\/le-groupe\/","title":{"rendered":"Le groupe"},"content":{"rendered":"\t\t<div data-elementor-type=\"wp-page\" data-elementor-id=\"1902\" class=\"elementor elementor-1902 elementor-47\" data-elementor-post-type=\"page\">\n\t\t\t\t\t\t\t<div class=\"elementor-element elementor-element-d13bcf8 e-con-full e-flex e-con e-parent\" data-id=\"d13bcf8\" data-element_type=\"container\" data-settings=\"{&quot;content_width&quot;:&quot;full&quot;}\" data-core-v316-plus=\"true\">\n\t\t\t\t<div class=\"elementor-element elementor-element-416b102 elementor--h-position-center elementor--v-position-middle elementor-arrows-position-inside elementor-pagination-position-inside elementor-widget elementor-widget-slides\" data-id=\"416b102\" data-element_type=\"widget\" data-settings=\"{&quot;navigation&quot;:&quot;both&quot;,&quot;autoplay&quot;:&quot;yes&quot;,&quot;pause_on_hover&quot;:&quot;yes&quot;,&quot;pause_on_interaction&quot;:&quot;yes&quot;,&quot;autoplay_speed&quot;:5000,&quot;infinite&quot;:&quot;yes&quot;,&quot;transition&quot;:&quot;slide&quot;,&quot;transition_speed&quot;:500}\" data-widget_type=\"slides.default\">\n\t\t\t\t<div class=\"elementor-widget-container\">\n\t\t\t<style>\/*! elementor-pro - v3.17.0 - 01-11-2023 *\/\n.elementor-slides .swiper-slide-bg{background-size:cover;background-position:50%;background-repeat:no-repeat;min-width:100%;min-height:100%}.elementor-slides .swiper-slide-inner{background-repeat:no-repeat;background-position:50%;position:absolute;top:0;left:0;bottom:0;right:0;padding:50px;margin:auto}.elementor-slides .swiper-slide-inner,.elementor-slides .swiper-slide-inner:hover{color:#fff;display:flex}.elementor-slides .swiper-slide-inner .elementor-background-overlay{position:absolute;z-index:0;top:0;bottom:0;left:0;right:0}.elementor-slides .swiper-slide-inner .elementor-slide-content{position:relative;z-index:1;width:100%}.elementor-slides .swiper-slide-inner .elementor-slide-heading{font-size:35px;font-weight:700;line-height:1}.elementor-slides .swiper-slide-inner .elementor-slide-description{font-size:17px;line-height:1.4}.elementor-slides .swiper-slide-inner .elementor-slide-description:not(:last-child),.elementor-slides .swiper-slide-inner .elementor-slide-heading:not(:last-child){margin-bottom:30px}.elementor-slides .swiper-slide-inner .elementor-slide-button{border:2px solid #fff;color:#fff;background:transparent;display:inline-block}.elementor-slides .swiper-slide-inner .elementor-slide-button,.elementor-slides .swiper-slide-inner .elementor-slide-button:hover{background:transparent;color:inherit;text-decoration:none}.elementor--v-position-top .swiper-slide-inner{align-items:flex-start}.elementor--v-position-bottom .swiper-slide-inner{align-items:flex-end}.elementor--v-position-middle .swiper-slide-inner{align-items:center}.elementor--h-position-left .swiper-slide-inner{justify-content:flex-start}.elementor--h-position-right .swiper-slide-inner{justify-content:flex-end}.elementor--h-position-center .swiper-slide-inner{justify-content:center}body.rtl .elementor-widget-slides .elementor-swiper-button-next{left:10px;right:auto}body.rtl .elementor-widget-slides .elementor-swiper-button-prev{right:10px;left:auto}.elementor-slides-wrapper div:not(.swiper-slide)>.swiper-slide-inner{display:none}@media (max-width:767px){.elementor-slides .swiper-slide-inner{padding:30px}.elementor-slides .swiper-slide-inner .elementor-slide-heading{font-size:23px;line-height:1;margin-bottom:15px}.elementor-slides .swiper-slide-inner .elementor-slide-description{font-size:13px;line-height:1.4;margin-bottom:15px}}<\/style>\t\t<div class=\"elementor-swiper\">\n\t\t\t<div class=\"elementor-slides-wrapper elementor-main-swiper swiper\" dir=\"ltr\" data-animation=\"fadeInUp\">\n\t\t\t\t<div class=\"swiper-wrapper elementor-slides\">\n\t\t\t\t\t\t\t\t\t\t<div class=\"elementor-repeater-item-382b017 swiper-slide\"><div class=\"swiper-slide-bg\" role=\"img\"><\/div><div class=\"swiper-slide-inner\" ><div class=\"swiper-slide-contents\"><\/div><\/div><\/div><div class=\"elementor-repeater-item-8adf0d2 swiper-slide\"><div class=\"swiper-slide-bg\" role=\"img\"><\/div><div class=\"swiper-slide-inner\" ><div class=\"swiper-slide-contents\"><\/div><\/div><\/div><div class=\"elementor-repeater-item-9c0801c swiper-slide\"><div class=\"swiper-slide-bg\" role=\"img\"><\/div><div class=\"swiper-slide-inner\" ><div class=\"swiper-slide-contents\"><\/div><\/div><\/div><div class=\"elementor-repeater-item-890c003 swiper-slide\"><div class=\"swiper-slide-bg\" role=\"img\"><\/div><div class=\"swiper-slide-inner\" ><div class=\"swiper-slide-contents\"><\/div><\/div><\/div><div class=\"elementor-repeater-item-c4528de swiper-slide\"><div class=\"swiper-slide-bg\" role=\"img\"><\/div><div class=\"swiper-slide-inner\" ><div class=\"swiper-slide-contents\"><\/div><\/div><\/div>\t\t\t\t<\/div>\n\t\t\t\t\t\t\t\t\t\t\t\t\t\t\t<div class=\"swiper-pagination\"><\/div>\n\t\t\t\t\t\t\t\t\t\t\t\t\t\t\t\t<div class=\"elementor-swiper-button elementor-swiper-button-prev\" role=\"button\" tabindex=\"0\">\n\t\t\t\t\t\t\t<i aria-hidden=\"true\" class=\"eicon-chevron-left\"><\/i>\t\t\t\t\t\t\t<span class=\"elementor-screen-only\">Previous slide<\/span>\n\t\t\t\t\t\t<\/div>\n\t\t\t\t\t\t<div class=\"elementor-swiper-button elementor-swiper-button-next\" role=\"button\" tabindex=\"0\">\n\t\t\t\t\t\t\t<i aria-hidden=\"true\" class=\"eicon-chevron-right\"><\/i>\t\t\t\t\t\t\t<span class=\"elementor-screen-only\">Next slide<\/span>\n\t\t\t\t\t\t<\/div>\n\t\t\t\t\t\t\t\t\t\t\t\t<\/div>\n\t\t<\/div>\n\t\t\t\t<\/div>\n\t\t\t\t<\/div>\n\t\t\t\t<\/div>\n\t\t<div class=\"elementor-element elementor-element-b380064 e-flex e-con-boxed e-con e-parent\" data-id=\"b380064\" data-element_type=\"container\" data-settings=\"{&quot;background_background&quot;:&quot;classic&quot;,&quot;content_width&quot;:&quot;boxed&quot;}\" data-core-v316-plus=\"true\">\n\t\t\t\t\t<div class=\"e-con-inner\">\n\t\t<div class=\"elementor-element elementor-element-12e0315 e-flex e-con-boxed elementor-invisible e-con e-child\" data-id=\"12e0315\" data-element_type=\"container\" data-settings=\"{&quot;animation&quot;:&quot;fadeInDown&quot;,&quot;content_width&quot;:&quot;boxed&quot;}\">\n\t\t\t\t\t<div class=\"e-con-inner\">\n\t\t\t\t<div class=\"elementor-element elementor-element-bdd8822 elementor-widget__width-auto elementor-widget elementor-widget-image\" data-id=\"bdd8822\" data-element_type=\"widget\" data-widget_type=\"image.default\">\n\t\t\t\t<div class=\"elementor-widget-container\">\n\t\t\t<style>\/*! elementor - v3.17.0 - 08-11-2023 *\/\n.elementor-widget-image{text-align:center}.elementor-widget-image a{display:inline-block}.elementor-widget-image a img[src$=\".svg\"]{width:48px}.elementor-widget-image img{vertical-align:middle;display:inline-block}<\/style>\t\t\t\t\t\t\t\t\t\t\t\t<img decoding=\"async\" width=\"150\" height=\"150\" src=\"https:\/\/theoremofjoy.com\/wp-content\/uploads\/2023\/10\/theorem_of_joy_img5-150x150.png\" class=\"attachment-thumbnail size-thumbnail wp-image-792\" alt=\"Theorem of Joy\" srcset=\"https:\/\/theoremofjoy.com\/wp-content\/uploads\/2023\/10\/theorem_of_joy_img5-150x150.png 150w, https:\/\/theoremofjoy.com\/wp-content\/uploads\/2023\/10\/theorem_of_joy_img5.png 300w\" sizes=\"(max-width: 150px) 100vw, 150px\" \/>\t\t\t\t\t\t\t\t\t\t\t\t\t\t\t<\/div>\n\t\t\t\t<\/div>\n\t\t\t\t<div class=\"elementor-element elementor-element-cedb78c elementor-widget__width-auto elementor-widget elementor-widget-heading\" data-id=\"cedb78c\" data-element_type=\"widget\" data-widget_type=\"heading.default\">\n\t\t\t\t<div class=\"elementor-widget-container\">\n\t\t\t<style>\/*! elementor - v3.17.0 - 08-11-2023 *\/\n.elementor-heading-title{padding:0;margin:0;line-height:1}.elementor-widget-heading .elementor-heading-title[class*=elementor-size-]>a{color:inherit;font-size:inherit;line-height:inherit}.elementor-widget-heading .elementor-heading-title.elementor-size-small{font-size:15px}.elementor-widget-heading .elementor-heading-title.elementor-size-medium{font-size:19px}.elementor-widget-heading .elementor-heading-title.elementor-size-large{font-size:29px}.elementor-widget-heading .elementor-heading-title.elementor-size-xl{font-size:39px}.elementor-widget-heading .elementor-heading-title.elementor-size-xxl{font-size:59px}<\/style><h2 class=\"elementor-heading-title elementor-size-default\">Le groupe<\/h2>\t\t<\/div>\n\t\t\t\t<\/div>\n\t\t\t\t<div class=\"elementor-element elementor-element-42db499 elementor-widget__width-auto elementor-widget elementor-widget-image\" data-id=\"42db499\" data-element_type=\"widget\" data-widget_type=\"image.default\">\n\t\t\t\t<div class=\"elementor-widget-container\">\n\t\t\t\t\t\t\t\t\t\t\t\t\t\t\t<img decoding=\"async\" width=\"150\" height=\"150\" src=\"https:\/\/theoremofjoy.com\/wp-content\/uploads\/2023\/10\/theorem_of_joy_img5-150x150.png\" class=\"attachment-thumbnail size-thumbnail wp-image-792\" alt=\"Theorem of Joy\" srcset=\"https:\/\/theoremofjoy.com\/wp-content\/uploads\/2023\/10\/theorem_of_joy_img5-150x150.png 150w, https:\/\/theoremofjoy.com\/wp-content\/uploads\/2023\/10\/theorem_of_joy_img5.png 300w\" sizes=\"(max-width: 150px) 100vw, 150px\" \/>\t\t\t\t\t\t\t\t\t\t\t\t\t\t\t<\/div>\n\t\t\t\t<\/div>\n\t\t\t\t\t<\/div>\n\t\t\t\t<\/div>\n\t\t\t\t<div class=\"elementor-element elementor-element-db9b0f7 elementor-widget elementor-widget-text-editor\" data-id=\"db9b0f7\" data-element_type=\"widget\" data-widget_type=\"text-editor.default\">\n\t\t\t\t<div class=\"elementor-widget-container\">\n\t\t\t<style>\/*! elementor - v3.17.0 - 08-11-2023 *\/\n.elementor-widget-text-editor.elementor-drop-cap-view-stacked .elementor-drop-cap{background-color:#69727d;color:#fff}.elementor-widget-text-editor.elementor-drop-cap-view-framed .elementor-drop-cap{color:#69727d;border:3px solid;background-color:transparent}.elementor-widget-text-editor:not(.elementor-drop-cap-view-default) .elementor-drop-cap{margin-top:8px}.elementor-widget-text-editor:not(.elementor-drop-cap-view-default) .elementor-drop-cap-letter{width:1em;height:1em}.elementor-widget-text-editor .elementor-drop-cap{float:left;text-align:center;line-height:1;font-size:50px}.elementor-widget-text-editor .elementor-drop-cap-letter{display:inline-block}<\/style>\t\t\t\t<p>Emmen\u00e9 par son leader, le contrebassiste Thomas Julienne, Theorem of Joy d\u00e9friche de nouveaux sentiers \u00e0 l&rsquo;avant-garde de la musique fran\u00e7aise du 21e si\u00e8cle. Ces cinq musiciens, h\u00e9ritiers de la culture musicale europ\u00e9enne et du m\u00e9tissage, portent leur regard vers un horizon futur.<\/p><p>Theorem of Joy propose un jazz \u00e9clatant et m\u00e9tiss\u00e9, o\u00f9 se m\u00ealent sonorit\u00e9s nord-africaines, envol\u00e9es post-rock et saveurs suaves de la pop. La musique \u2014 myst\u00e9rieuse, pleine et enivrante \u2014 explore des contr\u00e9es inconnues et inconscientes, remonte les fleuves et nous entra\u00eene dans des allers-retours entre l\u2019introspection et l\u2019infiniment grand.<\/p><p>Mais sommes-nous vraiment perdus ? Il suffit de se laisser porter par le flux des sensations et des fulgurances sonores. Theorem of Joy d\u00e9ploie de nouvelles lignes d\u2019horizon, compos\u00e9es d\u2019images, de mots et de possibles infinis. Tout se connecte, se dissocie et nourrit l\u2019imaginaire initi\u00e9 par le son du groupe.<\/p><p>Les compositions de Thomas Julienne offrent une vision de la musique enrichie de ses multiples esth\u00e9tiques. Elles r\u00e9veillent les r\u00e9cits et les \u00eatres dans un monde o\u00f9 tout n\u2019est qu\u2019harmonie et po\u00e9sie.<\/p>\t\t\t\t\t\t<\/div>\n\t\t\t\t<\/div>\n\t\t\t\t\t<\/div>\n\t\t\t\t<\/div>\n\t\t<div class=\"elementor-element elementor-element-d7936e7 e-flex e-con-boxed e-con e-parent\" data-id=\"d7936e7\" data-element_type=\"container\" data-settings=\"{&quot;background_background&quot;:&quot;classic&quot;,&quot;content_width&quot;:&quot;boxed&quot;}\" data-core-v316-plus=\"true\">\n\t\t\t\t\t<div class=\"e-con-inner\">\n\t\t<div class=\"elementor-element elementor-element-068111d e-con-full e-flex e-con e-child\" data-id=\"068111d\" data-element_type=\"container\" data-settings=\"{&quot;content_width&quot;:&quot;full&quot;}\">\n\t\t\t\t<div class=\"elementor-element elementor-element-0ec485c elementor-widget elementor-widget-image\" data-id=\"0ec485c\" data-element_type=\"widget\" data-widget_type=\"image.default\">\n\t\t\t\t<div class=\"elementor-widget-container\">\n\t\t\t\t\t\t\t\t\t\t\t\t\t\t\t<img decoding=\"async\" src=\"https:\/\/theoremofjoy.com\/wp-content\/uploads\/elementor\/thumbs\/Capture-decran-2024-06-16-a-15.51.37-qq7w58t2tvd7bs5qjrj9tg2o4wt0lh1ge1p62a6awo.png\" title=\"Capture d\u2019e\u0301cran 2024-06-16 a\u0300 15.51.37\" alt=\"Capture d\u2019e\u0301cran 2024-06-16 a\u0300 15.51.37\" loading=\"lazy\" \/>\t\t\t\t\t\t\t\t\t\t\t\t\t\t\t<\/div>\n\t\t\t\t<\/div>\n\t\t\t\t<\/div>\n\t\t<div class=\"elementor-element elementor-element-65cb2f6 e-con-full e-flex e-con e-child\" data-id=\"65cb2f6\" data-element_type=\"container\" data-settings=\"{&quot;content_width&quot;:&quot;full&quot;}\">\n\t\t\t\t<div class=\"elementor-element elementor-element-21f182e elementor-widget elementor-widget-heading\" data-id=\"21f182e\" data-element_type=\"widget\" data-widget_type=\"heading.default\">\n\t\t\t\t<div class=\"elementor-widget-container\">\n\t\t\t<h3 class=\"elementor-heading-title elementor-size-default\">Thomas Julienne<\/h3>\t\t<\/div>\n\t\t\t\t<\/div>\n\t\t\t\t<div class=\"elementor-element elementor-element-9df4ac1 elementor-widget elementor-widget-heading\" data-id=\"9df4ac1\" data-element_type=\"widget\" data-widget_type=\"heading.default\">\n\t\t\t\t<div class=\"elementor-widget-container\">\n\t\t\t<h4 class=\"elementor-heading-title elementor-size-default\">Contrebassiste et Compositeur<\/h4>\t\t<\/div>\n\t\t\t\t<\/div>\n\t\t\t\t<div class=\"elementor-element elementor-element-e8915af elementor-widget elementor-widget-text-editor\" data-id=\"e8915af\" data-element_type=\"widget\" data-widget_type=\"text-editor.default\">\n\t\t\t\t<div class=\"elementor-widget-container\">\n\t\t\t\t\t\t\t<p>Thomas Julienne est un contrebassiste, compositeur et arrangeur qui ne cesse de repousser les limites de la musique. Reconnu pour son style e\u0301clectique et son insatiable curiosite\u0301, il s\u2019impose sur la sce\u0300ne musicale avec e\u0301nergie et innovation. <span style=\"color: var( --e-global-color-text ); font-family: var( --e-global-typography-text-font-family ), Sans-serif; font-size: var( --e-global-typography-text-font-size ); font-style: var( --e-global-typography-text-font-style ); font-weight: var( --e-global-typography-text-font-weight );\">Ses racines alge\u0301riennes, normandes et indo- vietnamiennes incarnent le multiculturalisme et l\u2019ouverture. Il commence par explorer la guitare et le rock expe\u0301rimental (Radiohead, Sonic Youth, Jimi Hendrix, GYBE, The Silver Mt. Zion), mais c\u2019est la contrebasse qui devient son ve\u0301ritable terrain de jeu, ou\u0300 il fusionne jazz, musique classique et improvisation libre.<\/span><\/p>\n<p>Forme\u0301 par les mai\u0302tres franc\u0327ais de la contrebasse comme Jean-Paul Mace\u0301, Kent Carter, Gilles Naturel et Jean-Philippe Viret, il de\u0301veloppe ses compe\u0301tences en orchestration et arrangement avec Christophe Dal Sasso et Carine Bonnefoy experts en la matie\u0300re.<\/p>\n<p>En plus de son travail avec \u00abTheorem of Joy\u00bb, il compose \u00abDysnomia Live\u00bb, musique du photo-concert avec Alexandre Dupeyron. Il dirige l\u2019Orchid Big Band et compose pour ce grand ensemble de 19 musiciens. Il collabore avec DJ Click pour des projets commande\u0301s par RFI International (Science Fiction, Soudan et biento\u0302t Laos). Avec \u00abClaude Trio\u00bb et Sophie Bataille, il cre\u0301e \u00ab Le Voyage de Claude\u00bb, un concert dessine\u0301 pour le jeune public. <span style=\"color: var( --e-global-color-text ); font-family: var( --e-global-typography-text-font-family ), Sans-serif; font-size: var( --e-global-typography-text-font-size ); font-style: var( --e-global-typography-text-font-style ); font-weight: var( --e-global-typography-text-font-weight );\">Il brille particulie\u0300rement en duo avec des artistes comme l\u2019accorde\u0301oniste Laurent Derache et Raphae\u0308lle Brochet. En tant que sideman, on le retrouve aupre\u0300s de Panoramic Project, UHT de l\u2019Orchestre Les Cordes Croise\u0301es.<\/span><\/p>\n<p>Sociologue de formation, Thomas applique ses connaissances au jazz : il co-fonde le collectif et label De\u0301luge et sie\u0300ge au conseil d\u2019administration de Grands Formats.<\/p>\n<p>Thomas Julienne est un musicien accompli, avec une vision esthe\u0301tique forte, un sens strate\u0301gique vis-a\u0300-vis du re\u0301seau institutionnel, il sait aussi s\u2019entourer pour de\u0301velopper un projet au mieux.<\/p>\n\t\t\t\t\t\t<\/div>\n\t\t\t\t<\/div>\n\t\t\t\t<\/div>\n\t\t\t\t\t<\/div>\n\t\t\t\t<\/div>\n\t\t<div class=\"elementor-element elementor-element-7906890 e-flex e-con-boxed e-con e-parent\" data-id=\"7906890\" data-element_type=\"container\" data-settings=\"{&quot;background_background&quot;:&quot;classic&quot;,&quot;content_width&quot;:&quot;boxed&quot;}\" data-core-v316-plus=\"true\">\n\t\t\t\t\t<div class=\"e-con-inner\">\n\t\t<div class=\"elementor-element elementor-element-efbe281 e-con-full e-flex e-con e-child\" data-id=\"efbe281\" data-element_type=\"container\" data-settings=\"{&quot;content_width&quot;:&quot;full&quot;}\">\n\t\t\t\t<div class=\"elementor-element elementor-element-942bde0 elementor-widget elementor-widget-image\" data-id=\"942bde0\" data-element_type=\"widget\" data-widget_type=\"image.default\">\n\t\t\t\t<div class=\"elementor-widget-container\">\n\t\t\t\t\t\t\t\t\t\t\t\t\t\t\t<img decoding=\"async\" src=\"https:\/\/theoremofjoy.com\/wp-content\/uploads\/elementor\/thumbs\/IMG_1328-qq7vwca43d6fcr3bjezhp6yhkiouooozhz8lexdjug.jpg\" title=\"IMG_1328\" alt=\"IMG_1328\" loading=\"lazy\" \/>\t\t\t\t\t\t\t\t\t\t\t\t\t\t\t<\/div>\n\t\t\t\t<\/div>\n\t\t\t\t<\/div>\n\t\t<div class=\"elementor-element elementor-element-6f46dc2 e-con-full e-flex e-con e-child\" data-id=\"6f46dc2\" data-element_type=\"container\" data-settings=\"{&quot;content_width&quot;:&quot;full&quot;}\">\n\t\t\t\t<div class=\"elementor-element elementor-element-f16ca37 elementor-widget elementor-widget-heading\" data-id=\"f16ca37\" data-element_type=\"widget\" data-widget_type=\"heading.default\">\n\t\t\t\t<div class=\"elementor-widget-container\">\n\t\t\t<h3 class=\"elementor-heading-title elementor-size-default\">Rapha\u00eblle Brochet <\/h3>\t\t<\/div>\n\t\t\t\t<\/div>\n\t\t\t\t<div class=\"elementor-element elementor-element-0e10d32 elementor-widget elementor-widget-heading\" data-id=\"0e10d32\" data-element_type=\"widget\" data-widget_type=\"heading.default\">\n\t\t\t\t<div class=\"elementor-widget-container\">\n\t\t\t<h4 class=\"elementor-heading-title elementor-size-default\">Chant <\/h4>\t\t<\/div>\n\t\t\t\t<\/div>\n\t\t\t\t<div class=\"elementor-element elementor-element-bb32c08 elementor-widget elementor-widget-text-editor\" data-id=\"bb32c08\" data-element_type=\"widget\" data-widget_type=\"text-editor.default\">\n\t\t\t\t<div class=\"elementor-widget-container\">\n\t\t\t\t\t\t\t<p>Voyageuse perp\u00e9tuelle n\u00e9e de parents musiciens, Raphae\u0308lle Brochet parcourt la plan\u00e8te pour glaner les savoirs et rencontrer les ma\u00eetres, principalement en Inde, en Iran et aux \u00c9tats-Unis. Vocaliste versatile, elle s\u2019est construite sur deux traditions musicales : le jazz et la musique Carnatique. <\/p>\n<p>Raphae\u0308lle grandit dans le monde du jazz et derri\u00e8re un piano. Enracin\u00e9e dans la sc\u00e8ne et tourn\u00e9e vers l\u2019horizon, elle se forme \u00e0 la danse contemporaine, \u00e0 l&rsquo;\u00e9criture classique et au chant jazz dans plusieurs conservatoires de France. Elle enregistre son premier disque \u00e0 l&rsquo;\u00e2ge de 17 ans avec Floris Nico-Bunink (Mingus, Billie Holliday) aux Pays-Bas, obtient son DEM de jazz au Conservatoire de Nantes puis d\u00e9m\u00e9nage \u00e0 Montr\u00e9al puis \u00e0 New York, afin de se plonger dans la culture jazz-world locale. Apr\u00e8s avoir \u00e9tudi\u00e9 le jazz dans les conservatoires fran\u00e7ais, elle a pass\u00e9 une ann\u00e9e \u00e0 Montr\u00e9al et une autre \u00e0 New York, afin d&rsquo;explorer les pratiques sc\u00e9niques nord-am\u00e9ricaines et d&rsquo;\u00e9crire de la musique. Parall\u00e8lement \u00e0 ses \u00e9tudes de jazz et dipl\u00f4m\u00e9e d&rsquo;une licence d&rsquo;anthropologie \u00e0 la Sorbonne, elle effectue des s\u00e9jours de plusieurs mois par an en Inde du Sud pendant pr\u00e8s de quinze ans, pour y \u00e9tudier la musique Carnatique et le Konnakol aupr\u00e8s de ses ma\u00eetres Sarada Thota et Ghatam Govindarajan. uis, elle obtient une bourse compl\u00e8te de la Wesleyan University aux \u00c9tats-Unis pour y approfondir sa pratique de la musique carnatique pendant deux ans, et retourne dans le monde avec un Master d&rsquo;Ethnomusicologie de l\u2019une des plus grandes universit\u00e9s du monde. <\/p>\n<p>Curieuse de tout et d\u00e9cid\u00e9ment insatiable, elle se rend \u00e9galement en Iran pour \u00e9tudier la musique Persane aupr\u00e8s de Fariba Davoodi, et en Indon\u00e9sie pour \u00e9tudier la danse balinaise aupr\u00e8s de Anom Putra. C\u00f4t\u00e9 sc\u00e8ne et studio, on la retrouve aupr\u00e8s de Nguy\u00ean L\u00ea, Pierre de Bethmann, Sophie Alour, SIXUN, Heiri Kaenzig, St\u00e9phane Edouard, Philippe Aerts, Philip Catherine, Ziya Tabassian, Prabhu Edouard, Olivier Louvel et bien d&rsquo;autres. F\u00e9rue de collaborations transdisciplinaires, elle travaille avec des compagnies de th\u00e9\u00e2tre et de danse, et chante et compose pour le cin\u00e9ma. She is also very active as an educator and gives Son go\u00fbt pour la transmission l&rsquo;a emmen\u00e9e en Malaisie, en Inde, au Canada et en Chine pour y enseigner la musique Carnatique et le jazz. D\u00e9sormais install\u00e9e \u00e0 Paris, elle joue dans plusieurs projets : son solo, Khayal (Amine Mraihi), Travelin\u2019 (Heiri Kaenzig), VBS (Franck Wolf) et Theorem of Joy (Thomas Julienne). www.raphaellebrochet.com<\/p>\n\t\t\t\t\t\t<\/div>\n\t\t\t\t<\/div>\n\t\t\t\t<\/div>\n\t\t\t\t\t<\/div>\n\t\t\t\t<\/div>\n\t\t<div class=\"elementor-element elementor-element-7029253 e-flex e-con-boxed e-con e-parent\" data-id=\"7029253\" data-element_type=\"container\" data-settings=\"{&quot;content_width&quot;:&quot;boxed&quot;}\" data-core-v316-plus=\"true\">\n\t\t\t\t\t<div class=\"e-con-inner\">\n\t\t<div class=\"elementor-element elementor-element-2047aa9 e-con-full e-flex e-con e-child\" data-id=\"2047aa9\" data-element_type=\"container\" data-settings=\"{&quot;content_width&quot;:&quot;full&quot;}\">\n\t\t\t\t<div class=\"elementor-element elementor-element-874841a elementor-widget elementor-widget-image\" data-id=\"874841a\" data-element_type=\"widget\" data-widget_type=\"image.default\">\n\t\t\t\t<div class=\"elementor-widget-container\">\n\t\t\t\t\t\t\t\t\t\t\t\t\t\t\t<img decoding=\"async\" src=\"https:\/\/theoremofjoy.com\/wp-content\/uploads\/elementor\/thumbs\/096_DUPEYRON_hd_L1003781-scaled-qeh46pn8d87aceebxyqfds2d7diczwg3x3rwuig054.jpg\" title=\"096_DUPEYRON_hd_L1003781\" alt=\"096_DUPEYRON_hd_L1003781\" loading=\"lazy\" \/>\t\t\t\t\t\t\t\t\t\t\t\t\t\t\t<\/div>\n\t\t\t\t<\/div>\n\t\t\t\t<\/div>\n\t\t<div class=\"elementor-element elementor-element-bb9c163 e-con-full e-flex e-con e-child\" data-id=\"bb9c163\" data-element_type=\"container\" data-settings=\"{&quot;content_width&quot;:&quot;full&quot;}\">\n\t\t\t\t<div class=\"elementor-element elementor-element-8a82376 elementor-widget elementor-widget-heading\" data-id=\"8a82376\" data-element_type=\"widget\" data-widget_type=\"heading.default\">\n\t\t\t\t<div class=\"elementor-widget-container\">\n\t\t\t<h2 class=\"elementor-heading-title elementor-size-default\">Robin Antunes<\/h2>\t\t<\/div>\n\t\t\t\t<\/div>\n\t\t\t\t<div class=\"elementor-element elementor-element-4e44ec4 elementor-widget elementor-widget-heading\" data-id=\"4e44ec4\" data-element_type=\"widget\" data-widget_type=\"heading.default\">\n\t\t\t\t<div class=\"elementor-widget-container\">\n\t\t\t<h4 class=\"elementor-heading-title elementor-size-default\">Violin &amp; FX<\/h4>\t\t<\/div>\n\t\t\t\t<\/div>\n\t\t\t\t<div class=\"elementor-element elementor-element-b143d10 elementor-widget elementor-widget-text-editor\" data-id=\"b143d10\" data-element_type=\"widget\" data-widget_type=\"text-editor.default\">\n\t\t\t\t<div class=\"elementor-widget-container\">\n\t\t\t\t\t\t\t<p>Que ce soit aux c\u00f4t\u00e9s d\u2019Etienne Mbapp\u00e9, Fran\u00e7ois Jeanneau, Jean-Marie Ecay, Cheick Tidiane Seick, dans l\u2019Orchestre National de Jazz ou en tant que leader avec son groupe Monsieur M\u00c2L\u00c2, Robin Antunes est un jeune musicien \u00e0 l\u2019app\u00e9tit insatiable pour de nouveaux univers musicaux.<\/p>\n<p>Sideman \u00e0 la personnalit\u00e9 recherch\u00e9e par des artistes internationaux, on a pu \u00e9galement l\u2019apercevoir aux c\u00f4t\u00e9s de Maher Beauroy, l\u2019Ensemble Social Silence, Arcadian, Tony Chasseur, ou plus r\u00e9cemment Jane Birkin et Grand Corps Malade.<\/p>\n<p>ssu du CNSMD de Paris et titulaire d\u2019un Master de Jazz et Musiques Improvis\u00e9es obtenu en Juin 2021, Robin est en constante recherche de nouveaux timbres et modes de jeu avec le violon et la mandoline. Il a d\u00e9j\u00e0 pu prendre part \u00e0 un grand nombre de collaborations avec des artistes de nombreux styles et genres allant du jazz \u00e0 la pop fran\u00e7aise, en passant par les musiques d\u2019Afrique de l\u2019Ouest, du Nord et des Cara\u00efbes, l\u2019ambiant et l\u2019improvisation libre. <\/p>\n<p>Ces exp\u00e9riences vari\u00e9es lui ont permis de nourrir et de d\u00e9velopper son langage, tant dans les sons qu&rsquo;il explore avec ses instruments et ses p\u00e9dales d&rsquo;effets que dans les compositions qu&rsquo;il a produites. Ces exp\u00e9riences vari\u00e9es lui ont permit de nourrir et d\u00e9velopper son langage, autant dans les sonorit\u00e9s qu\u2019il explore avec ses instruments et ses p\u00e9dales d\u2019effets que dans les compositions qu\u2019il a pu produire. C\u2019est \u00e9galement un musicien tr\u00e8s polyvalent et curieux, qualifi\u00e9 par certains de \u00ab libero \u00bb, capable de changer de r\u00f4le et de s\u2019adapter \u00e0 de nombreux genres et casquettes, toujours avec justesse et exigence.<\/p>\n\t\t\t\t\t\t<\/div>\n\t\t\t\t<\/div>\n\t\t\t\t<\/div>\n\t\t\t\t\t<\/div>\n\t\t\t\t<\/div>\n\t\t<div class=\"elementor-element elementor-element-f251728 e-flex e-con-boxed e-con e-parent\" data-id=\"f251728\" data-element_type=\"container\" data-settings=\"{&quot;content_width&quot;:&quot;boxed&quot;}\" data-core-v316-plus=\"true\">\n\t\t\t\t\t<div class=\"e-con-inner\">\n\t\t<div class=\"elementor-element elementor-element-c2b13f3 e-con-full e-flex e-con e-child\" data-id=\"c2b13f3\" data-element_type=\"container\" data-settings=\"{&quot;content_width&quot;:&quot;full&quot;}\">\n\t\t\t\t<div class=\"elementor-element elementor-element-f4b9218 elementor-widget elementor-widget-heading\" data-id=\"f4b9218\" data-element_type=\"widget\" data-widget_type=\"heading.default\">\n\t\t\t\t<div class=\"elementor-widget-container\">\n\t\t\t<h2 class=\"elementor-heading-title elementor-size-default\">Tom Peyron<\/h2>\t\t<\/div>\n\t\t\t\t<\/div>\n\t\t\t\t<div class=\"elementor-element elementor-element-4d92480 elementor-widget elementor-widget-heading\" data-id=\"4d92480\" data-element_type=\"widget\" data-widget_type=\"heading.default\">\n\t\t\t\t<div class=\"elementor-widget-container\">\n\t\t\t<h4 class=\"elementor-heading-title elementor-size-default\">Drums<\/h4>\t\t<\/div>\n\t\t\t\t<\/div>\n\t\t\t\t<div class=\"elementor-element elementor-element-8b40857 elementor-widget elementor-widget-text-editor\" data-id=\"8b40857\" data-element_type=\"widget\" data-widget_type=\"text-editor.default\">\n\t\t\t\t<div class=\"elementor-widget-container\">\n\t\t\t\t\t\t\t<p>Tom Peyron est un batteur franc\u0327ais base\u0301 a\u0300 Paris. Apre\u0300s trois ans d\u2019e\u0301tudes au CMDL, il commence a\u0300 jouer sur la sce\u0300ne jazz parisienne avec de nombreux musiciens tels que : Hermon Mehari, Frederic Borey, Pierre Perchaud et Ricardo Izquierdo.<\/p>\n<p>Il a \u00e9galement partag\u00e9 la sc\u00e8ne avec Seamus Blake, Sylvain Luc et Chris Potter.<br>Musicien polyvalent, Tom s\u2019int\u00e9resse \u00e0 diff\u00e9rents styles musicaux et a r\u00e9cemment jou\u00e9 pour MceeAgora, un nouveau projet hip-hop.<\/p>\n<p>Son jeu est e\u0301videmment influence\u0301 par les grands batteurs de jazz ame\u0301ricain comme Tony Williams ou Elvin Jones et e\u0301galement par des \u00ab\u00a0beat\u00a0\u00bb de hip hop comme la musique de J.Dilla ou de The Roots.<\/p>\t\t\t\t\t\t<\/div>\n\t\t\t\t<\/div>\n\t\t\t\t<\/div>\n\t\t<div class=\"elementor-element elementor-element-7f29740 e-con-full e-flex e-con e-child\" data-id=\"7f29740\" data-element_type=\"container\" data-settings=\"{&quot;content_width&quot;:&quot;full&quot;}\">\n\t\t\t\t<div class=\"elementor-element elementor-element-f20b1e0 elementor-widget elementor-widget-image\" data-id=\"f20b1e0\" data-element_type=\"widget\" data-widget_type=\"image.default\">\n\t\t\t\t<div class=\"elementor-widget-container\">\n\t\t\t\t\t\t\t\t\t\t\t\t\t\t\t<img decoding=\"async\" src=\"https:\/\/theoremofjoy.com\/wp-content\/uploads\/elementor\/thumbs\/TOM-PEYRON-e1699648142389-qf66q9xzy8pc8kl714e7f5a1koq6qupc3exg6gvn3s.jpg\" title=\"TOM PEYRON\" alt=\"TOM PEYRON\" loading=\"lazy\" \/>\t\t\t\t\t\t\t\t\t\t\t\t\t\t\t<\/div>\n\t\t\t\t<\/div>\n\t\t\t\t<\/div>\n\t\t\t\t\t<\/div>\n\t\t\t\t<\/div>\n\t\t<div class=\"elementor-element elementor-element-ad0800e e-flex e-con-boxed e-con e-parent\" data-id=\"ad0800e\" data-element_type=\"container\" data-settings=\"{&quot;content_width&quot;:&quot;boxed&quot;}\" data-core-v316-plus=\"true\">\n\t\t\t\t\t<div class=\"e-con-inner\">\n\t\t<div class=\"elementor-element elementor-element-9f30896 e-con-full e-flex e-con e-child\" data-id=\"9f30896\" data-element_type=\"container\" data-settings=\"{&quot;content_width&quot;:&quot;full&quot;}\">\n\t\t\t\t<div class=\"elementor-element elementor-element-45b738b elementor-widget elementor-widget-image\" data-id=\"45b738b\" data-element_type=\"widget\" data-widget_type=\"image.default\">\n\t\t\t\t<div class=\"elementor-widget-container\">\n\t\t\t\t\t\t\t\t\t\t\t\t\t\t\t<img decoding=\"async\" src=\"https:\/\/theoremofjoy.com\/wp-content\/uploads\/elementor\/thumbs\/WhatsApp-Image-2023-11-13-at-23.08.49-6-e1706812263416-qj6ipqf3tziuq23ljdf34uq2ye6p1kwk5ywz0xvxyw.jpeg\" title=\"WhatsApp Image 2023-11-13 at 23.08.49 (6)\" alt=\"WhatsApp Image 2023-11-13 at 23.08.49 (6)\" loading=\"lazy\" \/>\t\t\t\t\t\t\t\t\t\t\t\t\t\t\t<\/div>\n\t\t\t\t<\/div>\n\t\t\t\t<\/div>\n\t\t<div class=\"elementor-element elementor-element-a2e8f72 e-con-full e-flex e-con e-child\" data-id=\"a2e8f72\" data-element_type=\"container\" data-settings=\"{&quot;content_width&quot;:&quot;full&quot;}\">\n\t\t\t\t<div class=\"elementor-element elementor-element-8d19d35 elementor-widget elementor-widget-heading\" data-id=\"8d19d35\" data-element_type=\"widget\" data-widget_type=\"heading.default\">\n\t\t\t\t<div class=\"elementor-widget-container\">\n\t\t\t<h2 class=\"elementor-heading-title elementor-size-default\">Anthony Winzenrith<\/h2>\t\t<\/div>\n\t\t\t\t<\/div>\n\t\t\t\t<div class=\"elementor-element elementor-element-fc77e34 elementor-widget elementor-widget-heading\" data-id=\"fc77e34\" data-element_type=\"widget\" data-widget_type=\"heading.default\">\n\t\t\t\t<div class=\"elementor-widget-container\">\n\t\t\t<h2 class=\"elementor-heading-title elementor-size-medium\">Guitar <\/h2>\t\t<\/div>\n\t\t\t\t<\/div>\n\t\t\t\t<div class=\"elementor-element elementor-element-5f1d879 elementor-widget elementor-widget-text-editor\" data-id=\"5f1d879\" data-element_type=\"widget\" data-widget_type=\"text-editor.default\">\n\t\t\t\t<div class=\"elementor-widget-container\">\n\t\t\t\t\t\t\t<p>Anthony Winzerith, compositeur et guitariste magistral originaire de Metz, a tiss\u00e9 une riche tapisserie de r\u00e9alisations musicales depuis ses ann\u00e9es de conservatoire. Apr\u00e8s avoir \u00e9tudi\u00e9 le piano, il s&rsquo;est mis \u00e0 la guitare, excellant \u00e0 la Music Academy International de Nancy et se perfectionnant au Centre des Musiques Didier Lockwood.<\/p>\n<p>Son parcours l&rsquo;a conduit \u00e0 Paris, o\u00f9 il s&rsquo;est plong\u00e9 dans la musique du monde, le jazz et au-del\u00e0, collaborant avec des artistes de renom et menant divers projets.<\/p>\n<p>Son travail s&rsquo;\u00e9tend des rythmes vibrants du jazz br\u00e9silien avec Tekere aux sons novateurs de l&rsquo;\u00e9lectro-pop avec 3Somesisters. La discographie de Winzerith, marqu\u00e9e par des albums comme \u00ab La tribu d&rsquo;antho \u201c et \u201d Corpus \u00bb, t\u00e9moigne de son dynamisme et de son engagement dans l&rsquo;exploration musicale.<\/p>\n\t\t\t\t\t\t<\/div>\n\t\t\t\t<\/div>\n\t\t\t\t<\/div>\n\t\t\t\t\t<\/div>\n\t\t\t\t<\/div>\n\t\t<div class=\"elementor-element elementor-element-2ae84a5 e-flex e-con-boxed e-con e-parent\" data-id=\"2ae84a5\" data-element_type=\"container\" data-settings=\"{&quot;content_width&quot;:&quot;boxed&quot;}\" data-core-v316-plus=\"true\">\n\t\t\t\t\t<div class=\"e-con-inner\">\n\t\t<div class=\"elementor-element elementor-element-37a682a e-con-full e-flex e-con e-child\" data-id=\"37a682a\" data-element_type=\"container\" data-settings=\"{&quot;content_width&quot;:&quot;full&quot;}\">\n\t\t\t\t<div class=\"elementor-element elementor-element-1ba567a elementor-widget elementor-widget-image\" data-id=\"1ba567a\" data-element_type=\"widget\" data-widget_type=\"image.default\">\n\t\t\t\t<div class=\"elementor-widget-container\">\n\t\t\t\t\t\t\t\t\t\t\t\t\t\t\t<img decoding=\"async\" src=\"https:\/\/theoremofjoy.com\/wp-content\/uploads\/elementor\/thumbs\/05-2024-Thomas-Gaucher-\u00a9Julie-Wolff-18-scaled-e1724854805900-qta0l5mb785zdziwi8ce9knvhwj10n71w0tkhlxtx4.jpeg\" title=\"05-2024 &#8211; Thomas Gaucher \u00a9Julie Wolff (18)\" alt=\"05-2024 - Thomas Gaucher \u00a9Julie Wolff (18)\" loading=\"lazy\" \/>\t\t\t\t\t\t\t\t\t\t\t\t\t\t\t<\/div>\n\t\t\t\t<\/div>\n\t\t\t\t<\/div>\n\t\t<div class=\"elementor-element elementor-element-28b384b e-con-full e-flex e-con e-child\" data-id=\"28b384b\" data-element_type=\"container\" data-settings=\"{&quot;content_width&quot;:&quot;full&quot;}\">\n\t\t\t\t<div class=\"elementor-element elementor-element-5167e07 elementor-widget elementor-widget-heading\" data-id=\"5167e07\" data-element_type=\"widget\" data-widget_type=\"heading.default\">\n\t\t\t\t<div class=\"elementor-widget-container\">\n\t\t\t<h2 class=\"elementor-heading-title elementor-size-default\">Thomas Gaucher<\/h2>\t\t<\/div>\n\t\t\t\t<\/div>\n\t\t\t\t<div class=\"elementor-element elementor-element-be52458 elementor-widget elementor-widget-heading\" data-id=\"be52458\" data-element_type=\"widget\" data-widget_type=\"heading.default\">\n\t\t\t\t<div class=\"elementor-widget-container\">\n\t\t\t<h4 class=\"elementor-heading-title elementor-size-default\">Guitare (Remplaceant)<\/h4>\t\t<\/div>\n\t\t\t\t<\/div>\n\t\t\t\t<div class=\"elementor-element elementor-element-6404bd1 elementor-widget elementor-widget-text-editor\" data-id=\"6404bd1\" data-element_type=\"widget\" data-widget_type=\"text-editor.default\">\n\t\t\t\t<div class=\"elementor-widget-container\">\n\t\t\t\t\t\t\t<p>Thomas Gaucher nous emm\u00e8ne dans un univers musical o\u00f9 se m\u00ealent folk et jazz, avec un son \u00e9pur\u00e9 et teint\u00e9 de blues. Son travail, inspir\u00e9 par Nick Drake, Keith Jarrett et Bill Frisell, \u00e9voque des paysages musicaux invitant au voyage \u00e0 travers la musique traditionnelle am\u00e9ricaine. Originaire du Poitou en France, Thomas Gaucher d\u00e9couvre la guitare \u00e0 l&rsquo;\u00e2ge de dix ans et d\u00e9veloppe une passion pour le rock et le blues, qui marqueront profond\u00e9ment son parcours. Il explore ensuite le jazz au Conservatoire de Bordeaux avant d&rsquo;int\u00e9grer le CNSMDP (Conservatoire National Sup\u00e9rieur de Musique et de Danse de Paris), d\u2019o\u00f9 il sort dipl\u00f4m\u00e9 en 2021. Durant ces ann\u00e9es de formation, il collabore avec de nombreux artistes et participe \u00e0 divers projets sc\u00e9niques et discographiques tels que<i> Lavender Walk<\/i>, <i>T\u00f9ca<\/i>, <i>MindWatcher<\/i> et <i>Les Frivolit\u00e9s Parisiennes<\/i>. Cette p\u00e9riode riche d\u2019exp\u00e9riences aboutit \u00e0 la sortie de son premier album, <i>La Lanterne,<\/i> un projet ax\u00e9 sur le collectif et les grandes formations.<\/p>\n<p><b style=\"color: var( --e-global-color-text ); font-family: var( --e-global-typography-text-font-family ), Sans-serif; font-size: var( --e-global-typography-text-font-size ); font-style: var( --e-global-typography-text-font-style );\">Presse :<\/b><\/p>\n<p>\u00ab\u00a0Thomas Gaucher \u00e9voque ind\u00e9niablement Jim Hall,<\/p>\n<p>\u00ab\u00a0Thomas Gaucher \u00e9voque ind\u00e9niablement Jim Hall, mais il int\u00e8gre \u00e9galement une large culture de la guitare, allant de Bill Frisell \u00e0 Kurt Rosenwinkel, avec une v\u00e9ritable ma\u00eetrise instrumentale.<\/p>\n<p>Franck Bergerot &#8211; Jazz Magazine<\/p>\n\t\t\t\t\t\t<\/div>\n\t\t\t\t<\/div>\n\t\t\t\t<\/div>\n\t\t\t\t\t<\/div>\n\t\t\t\t<\/div>\n\t\t<div class=\"elementor-element elementor-element-521c378 e-flex e-con-boxed e-con e-parent\" data-id=\"521c378\" data-element_type=\"container\" data-settings=\"{&quot;content_width&quot;:&quot;boxed&quot;}\" data-core-v316-plus=\"true\">\n\t\t\t\t\t<div class=\"e-con-inner\">\n\t\t<div class=\"elementor-element elementor-element-e72722c e-con-full e-flex e-con e-child\" data-id=\"e72722c\" data-element_type=\"container\" data-settings=\"{&quot;content_width&quot;:&quot;full&quot;}\">\n\t\t\t\t<div class=\"elementor-element elementor-element-267e3bb elementor-widget elementor-widget-heading\" data-id=\"267e3bb\" data-element_type=\"widget\" data-widget_type=\"heading.default\">\n\t\t\t\t<div class=\"elementor-widget-container\">\n\t\t\t<h2 class=\"elementor-heading-title elementor-size-default\">Ellinoa<\/h2>\t\t<\/div>\n\t\t\t\t<\/div>\n\t\t\t\t<div class=\"elementor-element elementor-element-7522177 elementor-widget elementor-widget-heading\" data-id=\"7522177\" data-element_type=\"widget\" data-widget_type=\"heading.default\">\n\t\t\t\t<div class=\"elementor-widget-container\">\n\t\t\t<h4 class=\"elementor-heading-title elementor-size-default\">Voix<\/h4>\t\t<\/div>\n\t\t\t\t<\/div>\n\t\t\t\t<div class=\"elementor-element elementor-element-163dd5a elementor-widget elementor-widget-text-editor\" data-id=\"163dd5a\" data-element_type=\"widget\" data-widget_type=\"text-editor.default\">\n\t\t\t\t<div class=\"elementor-widget-container\">\n\t\t\t\t\t\t\t<p>Compositrice, vocaliste et cheffe d\u2019orchestre, Ellinoa est \u00e0 la fois une leader affirm\u00e9e et une sidewoman de luxe. Dans cette constellation, un fil rouge : jouer sur la fronti\u00e8re entre le connu et l\u2019inconnu, pour permettre une exp\u00e9rience sensible nouvelle et inattendue.<\/p>\n<p>S&rsquo;exprimant autant par la voix que par l&rsquo;\u00e9criture, l&rsquo;exploration musicale est au c\u0153ur de sa d\u00e9marche artistique, comme en t\u00e9moigne le large \u00e9ventail de projets qu&rsquo;elle d\u00e9fend.<br \/>Que ce soit \u00e0 la t\u00eate du Wanderlust Orchestra, un ensemble de 15 musiciens dont le premier album a \u00e9t\u00e9 lanc\u00e9 au printemps 2018, ou dans ses plus petites formations, comme OPHELIA, elle ne cesse de repousser ses limites en tant qu&rsquo;interpr\u00e8te. Improvisatrice et interpr\u00e8te,<\/p>\n<p>dans Theorem of Joy, elle se met au service du jazz post-rock onirique de Thomas Julienne (Theorem of Joy, 2018 ; L\u2019hiver, 2021 ; Dysnomia, 2022). En 2019, Fr\u00e9d\u00e9ric Maurin fait appel \u00e0 elle en tant que compositrice et vocaliste pour le programme Rituels de l\u2019Orchestre National de Jazz, qui flirte avec la musique contemporaine (Rituels, 2020). En 2021, elle participe \u00e0 la recr\u00e9ation par l\u2019ONJ et Patrice Caratini d\u2019Anna Livia Plurabelle, le chef d\u2019\u0153uvre d\u2019Andr\u00e9 Hodeir.<\/p>\n\t\t\t\t\t\t<\/div>\n\t\t\t\t<\/div>\n\t\t\t\t<\/div>\n\t\t<div class=\"elementor-element elementor-element-9bbf196 e-con-full e-flex e-con e-child\" data-id=\"9bbf196\" data-element_type=\"container\" data-settings=\"{&quot;content_width&quot;:&quot;full&quot;}\">\n\t\t\t\t<div class=\"elementor-element elementor-element-1b8a33a elementor-widget elementor-widget-image\" data-id=\"1b8a33a\" data-element_type=\"widget\" data-widget_type=\"image.default\">\n\t\t\t\t<div class=\"elementor-widget-container\">\n\t\t\t\t\t\t\t\t\t\t\t\t\t\t\t<img decoding=\"async\" src=\"https:\/\/theoremofjoy.com\/wp-content\/uploads\/elementor\/thumbs\/Ellinoa-e1699648367629-qf66w5fonyqusu1zq5t9i5wr8drrur0xwhpp5q627s.jpg\" title=\"Ellinoa\" alt=\"Ellinoa\" loading=\"lazy\" \/>\t\t\t\t\t\t\t\t\t\t\t\t\t\t\t<\/div>\n\t\t\t\t<\/div>\n\t\t\t\t<\/div>\n\t\t\t\t\t<\/div>\n\t\t\t\t<\/div>\n\t\t<div class=\"elementor-element elementor-element-26e60e1 e-flex e-con-boxed e-con e-parent\" data-id=\"26e60e1\" data-element_type=\"container\" data-settings=\"{&quot;content_width&quot;:&quot;boxed&quot;}\" data-core-v316-plus=\"true\">\n\t\t\t\t\t<div class=\"e-con-inner\">\n\t\t<div class=\"elementor-element elementor-element-6261974 e-con-full e-flex e-con e-child\" data-id=\"6261974\" data-element_type=\"container\" data-settings=\"{&quot;content_width&quot;:&quot;full&quot;}\">\n\t\t\t\t<div class=\"elementor-element elementor-element-e0121d0 elementor-widget elementor-widget-heading\" data-id=\"e0121d0\" data-element_type=\"widget\" data-widget_type=\"heading.default\">\n\t\t\t\t<div class=\"elementor-widget-container\">\n\t\t\t<h2 class=\"elementor-heading-title elementor-size-default\">Paul Audoynaud<\/h2>\t\t<\/div>\n\t\t\t\t<\/div>\n\t\t\t\t<div class=\"elementor-element elementor-element-38a7d28 elementor-widget elementor-widget-heading\" data-id=\"38a7d28\" data-element_type=\"widget\" data-widget_type=\"heading.default\">\n\t\t\t\t<div class=\"elementor-widget-container\">\n\t\t\t<h4 class=\"elementor-heading-title elementor-size-default\">Guitare (Dans Dysnomia Live)<\/h4>\t\t<\/div>\n\t\t\t\t<\/div>\n\t\t\t\t<div class=\"elementor-element elementor-element-ef75f06 elementor-widget elementor-widget-text-editor\" data-id=\"ef75f06\" data-element_type=\"widget\" data-widget_type=\"text-editor.default\">\n\t\t\t\t<div class=\"elementor-widget-container\">\n\t\t\t\t\t\t\t<p>A multi-talented guitarist renowned for his stage and recording experience as a leader (Sun Dew) or alongside renowned musicians (Jim Black, Gauthier Toux, General Elektriks, Jazzanova), as well as for his skills as an arranger\/producer (Le Commandant Couche-T\u00f4t).<\/p>\n\t\t\t\t\t\t<\/div>\n\t\t\t\t<\/div>\n\t\t\t\t<\/div>\n\t\t<div class=\"elementor-element elementor-element-99193c9 e-con-full e-flex e-con e-child\" data-id=\"99193c9\" data-element_type=\"container\" data-settings=\"{&quot;content_width&quot;:&quot;full&quot;}\">\n\t\t\t\t<div class=\"elementor-element elementor-element-04834ee elementor-widget elementor-widget-image\" data-id=\"04834ee\" data-element_type=\"widget\" data-widget_type=\"image.default\">\n\t\t\t\t<div class=\"elementor-widget-container\">\n\t\t\t\t\t\t\t\t\t\t\t\t\t\t\t<img decoding=\"async\" src=\"https:\/\/theoremofjoy.com\/wp-content\/uploads\/elementor\/thumbs\/Capture-decran-2023-10-27-a-12.58.24-qeh4mhdr15sh4vhnus537sss03s2531zf5t6pn27qw.png\" title=\"Capture d\u2019e\u0301cran 2023-10-27 a\u0300 12.58.24\" alt=\"Capture d\u2019e\u0301cran 2023-10-27 a\u0300 12.58.24\" loading=\"lazy\" \/>\t\t\t\t\t\t\t\t\t\t\t\t\t\t\t<\/div>\n\t\t\t\t<\/div>\n\t\t\t\t<\/div>\n\t\t\t\t\t<\/div>\n\t\t\t\t<\/div>\n\t\t<div class=\"elementor-element elementor-element-e50ed7a e-flex e-con-boxed e-con e-parent\" data-id=\"e50ed7a\" data-element_type=\"container\" data-settings=\"{&quot;content_width&quot;:&quot;boxed&quot;}\" data-core-v316-plus=\"true\">\n\t\t\t\t\t<div class=\"e-con-inner\">\n\t\t<div class=\"elementor-element elementor-element-55298ef e-con-full e-flex e-con e-child\" data-id=\"55298ef\" data-element_type=\"container\" data-settings=\"{&quot;content_width&quot;:&quot;full&quot;}\">\n\t\t\t\t<div class=\"elementor-element elementor-element-53c171c elementor-widget elementor-widget-image\" data-id=\"53c171c\" data-element_type=\"widget\" data-widget_type=\"image.default\">\n\t\t\t\t<div class=\"elementor-widget-container\">\n\t\t\t\t\t\t\t\t\t\t\t\t\t\t\t<img decoding=\"async\" src=\"https:\/\/theoremofjoy.com\/wp-content\/uploads\/elementor\/thumbs\/Heloise-Lefebvre\u200b-e1699648291556-qf66u5zy8k12agxrbaxm8nxq33jvlr5cao4sop3zco.jpg\" title=\"Helo\u00efse Lefebvre\u200b\" alt=\"Helo\u00efse Lefebvre\u200b\" loading=\"lazy\" \/>\t\t\t\t\t\t\t\t\t\t\t\t\t\t\t<\/div>\n\t\t\t\t<\/div>\n\t\t\t\t<\/div>\n\t\t<div class=\"elementor-element elementor-element-f4c9ade e-con-full e-flex e-con e-child\" data-id=\"f4c9ade\" data-element_type=\"container\" data-settings=\"{&quot;content_width&quot;:&quot;full&quot;}\">\n\t\t\t\t<div class=\"elementor-element elementor-element-7c487db elementor-widget elementor-widget-heading\" data-id=\"7c487db\" data-element_type=\"widget\" data-widget_type=\"heading.default\">\n\t\t\t\t<div class=\"elementor-widget-container\">\n\t\t\t<h2 class=\"elementor-heading-title elementor-size-default\">Helo\u00efse Lefebvre<\/h2>\t\t<\/div>\n\t\t\t\t<\/div>\n\t\t\t\t<div class=\"elementor-element elementor-element-39fe3b6 elementor-widget elementor-widget-heading\" data-id=\"39fe3b6\" data-element_type=\"widget\" data-widget_type=\"heading.default\">\n\t\t\t\t<div class=\"elementor-widget-container\">\n\t\t\t<h4 class=\"elementor-heading-title elementor-size-default\">Violin &amp; Viola (Dans Dysnomia Live)<\/h4>\t\t<\/div>\n\t\t\t\t<\/div>\n\t\t\t\t<div class=\"elementor-element elementor-element-74a9be6 elementor-widget elementor-widget-text-editor\" data-id=\"74a9be6\" data-element_type=\"widget\" data-widget_type=\"text-editor.default\">\n\t\t\t\t<div class=\"elementor-widget-container\">\n\t\t\t\t\t\t\tLa violoniste et compositrice fran\u00e7aise H\u00e9lo\u00efse Lefebvre est une artiste inclassable.\n\u00c9l\u00e8ve du ma\u00eetre du violon jazz Didier Lockwood, elle est titulaire d\u2019un DEM en Jazz et Musiques Improvis\u00e9es et a re\u00e7u de nombreuses distinctions, notamment au concours St\u00e9phane Grappelli, au prix des jeunes talents de la SACEM et en tant que laur\u00e9ate du Jazz Juniors de Cracovie.\nEn 2017, son premier album Sun Dew, sorti chez Laborie Jazz, est salu\u00e9 par la presse sp\u00e9cialis\u00e9e (R\u00e9v\u00e9lation Jazz Magazine) et lui permet de signer en 2018 sur le label du guitariste Kurt Rosenwinkel, Heartcore Records.\nParall\u00e8lement \u00e0 ses projets en tant que leader, elle collabore avec de nombreux groupes de la sc\u00e8ne jazz europ\u00e9enne actuelle.\t\t\t\t\t\t<\/div>\n\t\t\t\t<\/div>\n\t\t\t\t<\/div>\n\t\t\t\t\t<\/div>\n\t\t\t\t<\/div>\n\t\t<div class=\"elementor-element elementor-element-003ee74 e-flex e-con-boxed e-con e-parent\" data-id=\"003ee74\" data-element_type=\"container\" data-settings=\"{&quot;content_width&quot;:&quot;boxed&quot;}\" data-core-v316-plus=\"true\">\n\t\t\t\t\t<div class=\"e-con-inner\">\n\t\t\t\t<div class=\"elementor-element elementor-element-c1c4f00 elementor-widget elementor-widget-spacer\" data-id=\"c1c4f00\" data-element_type=\"widget\" data-widget_type=\"spacer.default\">\n\t\t\t\t<div class=\"elementor-widget-container\">\n\t\t\t<style>\/*! elementor - v3.17.0 - 08-11-2023 *\/\n.elementor-column .elementor-spacer-inner{height:var(--spacer-size)}.e-con{--container-widget-width:100%}.e-con-inner>.elementor-widget-spacer,.e-con>.elementor-widget-spacer{width:var(--container-widget-width,var(--spacer-size));--align-self:var(--container-widget-align-self,initial);--flex-shrink:0}.e-con-inner>.elementor-widget-spacer>.elementor-widget-container,.e-con>.elementor-widget-spacer>.elementor-widget-container{height:100%;width:100%}.e-con-inner>.elementor-widget-spacer>.elementor-widget-container>.elementor-spacer,.e-con>.elementor-widget-spacer>.elementor-widget-container>.elementor-spacer{height:100%}.e-con-inner>.elementor-widget-spacer>.elementor-widget-container>.elementor-spacer>.elementor-spacer-inner,.e-con>.elementor-widget-spacer>.elementor-widget-container>.elementor-spacer>.elementor-spacer-inner{height:var(--container-widget-height,var(--spacer-size))}.e-con-inner>.elementor-widget-spacer.elementor-widget-empty,.e-con>.elementor-widget-spacer.elementor-widget-empty{position:relative;min-height:22px;min-width:22px}.e-con-inner>.elementor-widget-spacer.elementor-widget-empty .elementor-widget-empty-icon,.e-con>.elementor-widget-spacer.elementor-widget-empty .elementor-widget-empty-icon{position:absolute;top:0;bottom:0;left:0;right:0;margin:auto;padding:0;width:22px;height:22px}<\/style>\t\t<div class=\"elementor-spacer\">\n\t\t\t<div class=\"elementor-spacer-inner\"><\/div>\n\t\t<\/div>\n\t\t\t\t<\/div>\n\t\t\t\t<\/div>\n\t\t\t\t\t<\/div>\n\t\t\t\t<\/div>\n\t\t<div class=\"elementor-element elementor-element-6f1a162 e-flex e-con-boxed e-con e-parent\" data-id=\"6f1a162\" data-element_type=\"container\" data-settings=\"{&quot;background_background&quot;:&quot;classic&quot;,&quot;content_width&quot;:&quot;boxed&quot;}\" data-core-v316-plus=\"true\">\n\t\t\t\t\t<div class=\"e-con-inner\">\n\t\t\t\t<div class=\"elementor-element elementor-element-0414983 elementor-widget elementor-widget-heading\" data-id=\"0414983\" data-element_type=\"widget\" data-widget_type=\"heading.default\">\n\t\t\t\t<div class=\"elementor-widget-container\">\n\t\t\t<h2 class=\"elementor-heading-title elementor-size-default\">L'\u00e9quipe<\/h2>\t\t<\/div>\n\t\t\t\t<\/div>\n\t\t\t\t<div class=\"elementor-element elementor-element-28572ea elementor-widget elementor-widget-text-editor\" data-id=\"28572ea\" data-element_type=\"widget\" data-widget_type=\"text-editor.default\">\n\t\t\t\t<div class=\"elementor-widget-container\">\n\t\t\t\t\t\t\t<p>Sound enginer : Cyrille Gachet<\/p>\n<p>Photos : Alexandre Dupeyron<\/p>\n<p>Logos : Nicolas Delbourg<\/p>\n<p>Anime Clip : Ahlala Studio<\/p>\n<p>Video Clip : Marine De Contes et Gabriel Roman<\/p>\n<p>Teaser : Robin Claude<\/p>\n<p>Production Diffusion : Collectif D\u00e9luge<\/p>\n<p>Master : Globe Audio <\/p>\n<p>Presse : Juliette Poitrenaud<\/p>\n\t\t\t\t\t\t<\/div>\n\t\t\t\t<\/div>\n\t\t\t\t\t<\/div>\n\t\t\t\t<\/div>\n\t\t<div class=\"elementor-element elementor-element-e2004b4 e-con-full e-flex e-con e-parent\" data-id=\"e2004b4\" data-element_type=\"container\" data-settings=\"{&quot;content_width&quot;:&quot;full&quot;}\" data-core-v316-plus=\"true\">\n\t\t\t\t<div class=\"elementor-element elementor-element-0771df5 elementor-widget elementor-widget-heading\" data-id=\"0771df5\" data-element_type=\"widget\" data-widget_type=\"heading.default\">\n\t\t\t\t<div class=\"elementor-widget-container\">\n\t\t\t<h4 class=\"elementor-heading-title elementor-size-default\">Theorem of Joy est membre du collectif D\u00e9luge<\/h4>\t\t<\/div>\n\t\t\t\t<\/div>\n\t\t\t\t<div class=\"elementor-element elementor-element-d9feb21 elementor-widget elementor-widget-image\" data-id=\"d9feb21\" data-element_type=\"widget\" data-widget_type=\"image.default\">\n\t\t\t\t<div class=\"elementor-widget-container\">\n\t\t\t\t\t\t\t\t\t\t\t\t\t\t\t<img decoding=\"async\" width=\"190\" height=\"212\" src=\"https:\/\/theoremofjoy.com\/wp-content\/uploads\/2023\/10\/Deluge.webp\" class=\"attachment-large size-large wp-image-78\" alt=\"\" \/>\t\t\t\t\t\t\t\t\t\t\t\t\t\t\t<\/div>\n\t\t\t\t<\/div>\n\t\t\t\t<\/div>\n\t\t\t\t\t\t\t<\/div>\n\t\t","protected":false},"excerpt":{"rendered":"<p>Previous slide Next slide Le groupe Emmen\u00e9 par son leader, le contrebassiste Thomas Julienne, Theorem of Joy d\u00e9friche de nouveaux sentiers \u00e0 l&rsquo;avant-garde de la musique fran\u00e7aise du 21e si\u00e8cle. Ces cinq musiciens, h\u00e9ritiers de la culture musicale europ\u00e9enne et du m\u00e9tissage, portent leur regard vers un horizon futur. Theorem of Joy propose un jazz [&hellip;]<\/p>\n","protected":false},"author":2,"featured_media":0,"parent":0,"menu_order":0,"comment_status":"closed","ping_status":"closed","template":"elementor_header_footer","meta":{"footnotes":""},"class_list":["post-1902","page","type-page","status-publish","hentry"],"yoast_head":"<!-- This site is optimized with the Yoast SEO plugin v25.5 - https:\/\/yoast.com\/wordpress\/plugins\/seo\/ -->\n<title>Le groupe Theorem of Joy : Les musicien\u00b7nes\uff5cBiographies &amp; infos<\/title>\n<meta name=\"description\" content=\"D\u00e9couvrez les biographies des musiciens du groupe Theorem of Joy : parcours des artistes, instruments, influences et r\u00f4les dans l\u2019essor de la sc\u00e8ne jazz \u00e9mergente en France et en Europe\" \/>\n<meta name=\"robots\" content=\"index, follow, max-snippet:-1, max-image-preview:large, max-video-preview:-1\" \/>\n<link rel=\"canonical\" href=\"https:\/\/theoremofjoy.com\/fr\/le-groupe\/\" \/>\n<meta property=\"og:locale\" content=\"fr_FR\" \/>\n<meta property=\"og:type\" content=\"article\" \/>\n<meta property=\"og:title\" content=\"Le groupe Theorem of Joy : Les musicien\u00b7nes\uff5cBiographies &amp; infos\" \/>\n<meta property=\"og:description\" content=\"D\u00e9couvrez les biographies des musiciens du groupe Theorem of Joy : parcours des artistes, instruments, influences et r\u00f4les dans l\u2019essor de la sc\u00e8ne jazz \u00e9mergente en France et en Europe\" \/>\n<meta property=\"og:url\" content=\"https:\/\/theoremofjoy.com\/fr\/le-groupe\/\" \/>\n<meta property=\"og:site_name\" content=\"Theorem Of Joy\" \/>\n<meta property=\"article:publisher\" content=\"https:\/\/www.facebook.com\/Theoremofjoy\/\" \/>\n<meta property=\"article:modified_time\" content=\"2025-09-22T19:25:05+00:00\" \/>\n<meta property=\"og:image\" content=\"https:\/\/theoremofjoy.com\/wp-content\/uploads\/2023\/10\/theorem_of_joy_img5.png\" \/>\n\t<meta property=\"og:image:width\" content=\"300\" \/>\n\t<meta property=\"og:image:height\" content=\"300\" \/>\n\t<meta property=\"og:image:type\" content=\"image\/png\" \/>\n<meta name=\"twitter:card\" content=\"summary_large_image\" \/>\n<meta name=\"twitter:site\" content=\"@TheoremOfJoy\" \/>\n<meta name=\"twitter:label1\" content=\"Dur\u00e9e de lecture estim\u00e9e\" \/>\n\t<meta name=\"twitter:data1\" content=\"13 minutes\" \/>\n<script type=\"application\/ld+json\" class=\"yoast-schema-graph\">{\"@context\":\"https:\/\/schema.org\",\"@graph\":[{\"@type\":\"WebPage\",\"@id\":\"https:\/\/theoremofjoy.com\/fr\/le-groupe\/\",\"url\":\"https:\/\/theoremofjoy.com\/fr\/le-groupe\/\",\"name\":\"Le groupe Theorem of Joy : Les musicien\u00b7nes\uff5cBiographies & infos\",\"isPartOf\":{\"@id\":\"https:\/\/theoremofjoy.com\/#website\"},\"primaryImageOfPage\":{\"@id\":\"https:\/\/theoremofjoy.com\/fr\/le-groupe\/#primaryimage\"},\"image\":{\"@id\":\"https:\/\/theoremofjoy.com\/fr\/le-groupe\/#primaryimage\"},\"thumbnailUrl\":\"https:\/\/theoremofjoy.com\/wp-content\/uploads\/2023\/10\/theorem_of_joy_img5-150x150.png\",\"datePublished\":\"2023-10-12T19:06:39+00:00\",\"dateModified\":\"2025-09-22T19:25:05+00:00\",\"description\":\"D\u00e9couvrez les biographies des musiciens du groupe Theorem of Joy : parcours des artistes, instruments, influences et r\u00f4les dans l\u2019essor de la sc\u00e8ne jazz \u00e9mergente en France et en Europe\",\"breadcrumb\":{\"@id\":\"https:\/\/theoremofjoy.com\/fr\/le-groupe\/#breadcrumb\"},\"inLanguage\":\"fr-FR\",\"potentialAction\":[{\"@type\":\"ReadAction\",\"target\":[\"https:\/\/theoremofjoy.com\/fr\/le-groupe\/\"]}]},{\"@type\":\"ImageObject\",\"inLanguage\":\"fr-FR\",\"@id\":\"https:\/\/theoremofjoy.com\/fr\/le-groupe\/#primaryimage\",\"url\":\"https:\/\/theoremofjoy.com\/wp-content\/uploads\/2023\/10\/theorem_of_joy_img5-150x150.png\",\"contentUrl\":\"https:\/\/theoremofjoy.com\/wp-content\/uploads\/2023\/10\/theorem_of_joy_img5-150x150.png\"},{\"@type\":\"BreadcrumbList\",\"@id\":\"https:\/\/theoremofjoy.com\/fr\/le-groupe\/#breadcrumb\",\"itemListElement\":[{\"@type\":\"ListItem\",\"position\":1,\"name\":\"Home\",\"item\":\"https:\/\/theoremofjoy.com\/fr\/\"},{\"@type\":\"ListItem\",\"position\":2,\"name\":\"Le groupe\"}]},{\"@type\":\"WebSite\",\"@id\":\"https:\/\/theoremofjoy.com\/#website\",\"url\":\"https:\/\/theoremofjoy.com\/\",\"name\":\"Theorem Of Joy\",\"description\":\"Theorem Of Joy - Official Website\",\"publisher\":{\"@id\":\"https:\/\/theoremofjoy.com\/#organization\"},\"alternateName\":\"Theorem Of Joy - Dysnomia\",\"potentialAction\":[{\"@type\":\"SearchAction\",\"target\":{\"@type\":\"EntryPoint\",\"urlTemplate\":\"https:\/\/theoremofjoy.com\/?s={search_term_string}\"},\"query-input\":{\"@type\":\"PropertyValueSpecification\",\"valueRequired\":true,\"valueName\":\"search_term_string\"}}],\"inLanguage\":\"fr-FR\"},{\"@type\":\"Organization\",\"@id\":\"https:\/\/theoremofjoy.com\/#organization\",\"name\":\"Theorem Of Joy\",\"alternateName\":\"Theorem Of Joy - Dysnomia\",\"url\":\"https:\/\/theoremofjoy.com\/\",\"logo\":{\"@type\":\"ImageObject\",\"inLanguage\":\"fr-FR\",\"@id\":\"https:\/\/theoremofjoy.com\/#\/schema\/logo\/image\/\",\"url\":\"https:\/\/theoremofjoy.com\/wp-content\/uploads\/2024\/07\/PHOTO-2024-05-30-22-17-391.jpg\",\"contentUrl\":\"https:\/\/theoremofjoy.com\/wp-content\/uploads\/2024\/07\/PHOTO-2024-05-30-22-17-391.jpg\",\"width\":2048,\"height\":1563,\"caption\":\"Theorem Of Joy\"},\"image\":{\"@id\":\"https:\/\/theoremofjoy.com\/#\/schema\/logo\/image\/\"},\"sameAs\":[\"https:\/\/www.facebook.com\/Theoremofjoy\/\",\"https:\/\/x.com\/TheoremOfJoy\",\"https:\/\/www.instagram.com\/theoremofjoy\",\"https:\/\/www.youtube.com\/channel\/UC6KjPxobI92uPOXh04Pvn6g\"]}]}<\/script>\n<!-- \/ Yoast SEO plugin. -->","yoast_head_json":{"title":"Le groupe Theorem of Joy : Les musicien\u00b7nes\uff5cBiographies & infos","description":"D\u00e9couvrez les biographies des musiciens du groupe Theorem of Joy : parcours des artistes, instruments, influences et r\u00f4les dans l\u2019essor de la sc\u00e8ne jazz \u00e9mergente en France et en Europe","robots":{"index":"index","follow":"follow","max-snippet":"max-snippet:-1","max-image-preview":"max-image-preview:large","max-video-preview":"max-video-preview:-1"},"canonical":"https:\/\/theoremofjoy.com\/fr\/le-groupe\/","og_locale":"fr_FR","og_type":"article","og_title":"Le groupe Theorem of Joy : Les musicien\u00b7nes\uff5cBiographies & infos","og_description":"D\u00e9couvrez les biographies des musiciens du groupe Theorem of Joy : parcours des artistes, instruments, influences et r\u00f4les dans l\u2019essor de la sc\u00e8ne jazz \u00e9mergente en France et en Europe","og_url":"https:\/\/theoremofjoy.com\/fr\/le-groupe\/","og_site_name":"Theorem Of Joy","article_publisher":"https:\/\/www.facebook.com\/Theoremofjoy\/","article_modified_time":"2025-09-22T19:25:05+00:00","og_image":[{"width":300,"height":300,"url":"https:\/\/theoremofjoy.com\/wp-content\/uploads\/2023\/10\/theorem_of_joy_img5.png","type":"image\/png"}],"twitter_card":"summary_large_image","twitter_site":"@TheoremOfJoy","twitter_misc":{"Dur\u00e9e de lecture estim\u00e9e":"13 minutes"},"schema":{"@context":"https:\/\/schema.org","@graph":[{"@type":"WebPage","@id":"https:\/\/theoremofjoy.com\/fr\/le-groupe\/","url":"https:\/\/theoremofjoy.com\/fr\/le-groupe\/","name":"Le groupe Theorem of Joy : Les musicien\u00b7nes\uff5cBiographies & infos","isPartOf":{"@id":"https:\/\/theoremofjoy.com\/#website"},"primaryImageOfPage":{"@id":"https:\/\/theoremofjoy.com\/fr\/le-groupe\/#primaryimage"},"image":{"@id":"https:\/\/theoremofjoy.com\/fr\/le-groupe\/#primaryimage"},"thumbnailUrl":"https:\/\/theoremofjoy.com\/wp-content\/uploads\/2023\/10\/theorem_of_joy_img5-150x150.png","datePublished":"2023-10-12T19:06:39+00:00","dateModified":"2025-09-22T19:25:05+00:00","description":"D\u00e9couvrez les biographies des musiciens du groupe Theorem of Joy : parcours des artistes, instruments, influences et r\u00f4les dans l\u2019essor de la sc\u00e8ne jazz \u00e9mergente en France et en Europe","breadcrumb":{"@id":"https:\/\/theoremofjoy.com\/fr\/le-groupe\/#breadcrumb"},"inLanguage":"fr-FR","potentialAction":[{"@type":"ReadAction","target":["https:\/\/theoremofjoy.com\/fr\/le-groupe\/"]}]},{"@type":"ImageObject","inLanguage":"fr-FR","@id":"https:\/\/theoremofjoy.com\/fr\/le-groupe\/#primaryimage","url":"https:\/\/theoremofjoy.com\/wp-content\/uploads\/2023\/10\/theorem_of_joy_img5-150x150.png","contentUrl":"https:\/\/theoremofjoy.com\/wp-content\/uploads\/2023\/10\/theorem_of_joy_img5-150x150.png"},{"@type":"BreadcrumbList","@id":"https:\/\/theoremofjoy.com\/fr\/le-groupe\/#breadcrumb","itemListElement":[{"@type":"ListItem","position":1,"name":"Home","item":"https:\/\/theoremofjoy.com\/fr\/"},{"@type":"ListItem","position":2,"name":"Le groupe"}]},{"@type":"WebSite","@id":"https:\/\/theoremofjoy.com\/#website","url":"https:\/\/theoremofjoy.com\/","name":"Theorem Of Joy","description":"Theorem Of Joy - Official Website","publisher":{"@id":"https:\/\/theoremofjoy.com\/#organization"},"alternateName":"Theorem Of Joy - Dysnomia","potentialAction":[{"@type":"SearchAction","target":{"@type":"EntryPoint","urlTemplate":"https:\/\/theoremofjoy.com\/?s={search_term_string}"},"query-input":{"@type":"PropertyValueSpecification","valueRequired":true,"valueName":"search_term_string"}}],"inLanguage":"fr-FR"},{"@type":"Organization","@id":"https:\/\/theoremofjoy.com\/#organization","name":"Theorem Of Joy","alternateName":"Theorem Of Joy - Dysnomia","url":"https:\/\/theoremofjoy.com\/","logo":{"@type":"ImageObject","inLanguage":"fr-FR","@id":"https:\/\/theoremofjoy.com\/#\/schema\/logo\/image\/","url":"https:\/\/theoremofjoy.com\/wp-content\/uploads\/2024\/07\/PHOTO-2024-05-30-22-17-391.jpg","contentUrl":"https:\/\/theoremofjoy.com\/wp-content\/uploads\/2024\/07\/PHOTO-2024-05-30-22-17-391.jpg","width":2048,"height":1563,"caption":"Theorem Of Joy"},"image":{"@id":"https:\/\/theoremofjoy.com\/#\/schema\/logo\/image\/"},"sameAs":["https:\/\/www.facebook.com\/Theoremofjoy\/","https:\/\/x.com\/TheoremOfJoy","https:\/\/www.instagram.com\/theoremofjoy","https:\/\/www.youtube.com\/channel\/UC6KjPxobI92uPOXh04Pvn6g"]}]}},"_links":{"self":[{"href":"https:\/\/theoremofjoy.com\/fr\/wp-json\/wp\/v2\/pages\/1902","targetHints":{"allow":["GET"]}}],"collection":[{"href":"https:\/\/theoremofjoy.com\/fr\/wp-json\/wp\/v2\/pages"}],"about":[{"href":"https:\/\/theoremofjoy.com\/fr\/wp-json\/wp\/v2\/types\/page"}],"author":[{"embeddable":true,"href":"https:\/\/theoremofjoy.com\/fr\/wp-json\/wp\/v2\/users\/2"}],"replies":[{"embeddable":true,"href":"https:\/\/theoremofjoy.com\/fr\/wp-json\/wp\/v2\/comments?post=1902"}],"version-history":[{"count":30,"href":"https:\/\/theoremofjoy.com\/fr\/wp-json\/wp\/v2\/pages\/1902\/revisions"}],"predecessor-version":[{"id":6739,"href":"https:\/\/theoremofjoy.com\/fr\/wp-json\/wp\/v2\/pages\/1902\/revisions\/6739"}],"wp:attachment":[{"href":"https:\/\/theoremofjoy.com\/fr\/wp-json\/wp\/v2\/media?parent=1902"}],"curies":[{"name":"wp","href":"https:\/\/api.w.org\/{rel}","templated":true}]}}